{"id":918,"date":"2026-02-20T15:11:38","date_gmt":"2026-02-20T14:11:38","guid":{"rendered":"https:\/\/hotelgwarna.pl\/?post_type=oferty-specjalne&#038;p=918"},"modified":"2026-02-20T15:11:39","modified_gmt":"2026-02-20T14:11:39","slug":"pierwsza-komunia-swieta-skyhotelgwarna-zostaly-ostatnie-wolne-terminy-%e2%9c%a8%f0%9f%8c%bf","status":"publish","type":"oferty-specjalne","link":"https:\/\/hotelgwarna.pl\/de\/oferty-specjalne\/pierwsza-komunia-swieta-skyhotelgwarna-zostaly-ostatnie-wolne-terminy-%e2%9c%a8%f0%9f%8c%bf\/","title":{"rendered":"Pierwsza Komunia \u015awi\u0119ta SkyHotelGwarna \u2013 zosta\u0142y ostatnie wolne terminy!\u00a0\u2728\ud83c\udf3f"},"content":{"rendered":"<p>Pierwsza Komunia \u015awi\u0119ta to wyj\u0105tkowy dzie\u0144 \u2013 pe\u0142en wzrusze\u0144, rodzinnego ciep\u0142a i pi\u0119knych wspomnie\u0144 \ud83e\udd0d<br>Zadbaj o to, by mia\u0142 tak\u017ce wyj\u0105tkow\u0105 opraw\u0119.<\/p>\n\n\n\n<p>W naszym hotelu oferujemy:<br>\u2714 eleganck\u0105, klimatyzowan\u0105 sal\u0119<br>\u2714 wy\u015bmienite menu dopasowane do potrzeb dzieci i doros\u0142ych<br>\u2714 profesjonaln\u0105 obs\u0142ug\u0119<br>\u2714 indywidualne podej\u015bcie do ka\u017cdej rodziny<\/p>\n\n\n\n<p>\ud83c\udf80 Tworzymy przyj\u0119cia z klas\u0105 \u2013 bez stresu i bez po\u015bpiechu.<\/p>\n\n\n\n<p>\ud83d\udcc5&nbsp;<strong>Uwaga! Zosta\u0142y ju\u017c tylko ostatnie wolne terminy komunijne.<\/strong><br>Nie odk\u0142adaj decyzji \u2013 zarezerwuj sal\u0119 ju\u017c dzi\u015b i miej pewno\u015b\u0107, \u017ce ten dzie\u0144 b\u0119dzie naprawd\u0119 wyj\u0105tkowy.<\/p>\n\n\n\n<p>\ud83d\udce9 Napisz do nas w wiadomo\u015bci prywatnej&nbsp;<a href=\"mailto:marketing@skycenter.info\">marketing@skycenter.info<\/a>&nbsp;lub zadzwo\u0144 514-045-557 \u2013 ch\u0119tnie przedstawimy szczeg\u00f3\u0142y oferty.<\/p>","protected":false},"featured_media":913,"template":"","categories":[36],"class_list":["post-918","oferty-specjalne","type-oferty-specjalne","status-publish","has-post-thumbnail","hentry","category-impreza-okolicznosciowa"],"acf":[],"yoast_head":"<!-- This site is optimized with the Yoast SEO plugin v24.7 - https:\/\/yoast.com\/wordpress\/plugins\/seo\/ -->\n<title>Pierwsza Komunia \u015awi\u0119ta SkyHotelGwarna \u2013 zosta\u0142y ostatnie wolne terminy!\u00a0\u2728\ud83c\udf3f - SkyHotelGwarna<\/title>\n<meta name=\"robots\" content=\"index, follow, max-snippet:-1, max-image-preview:large, max-video-preview:-1\" \/>\n<link rel=\"canonical\" href=\"https:\/\/hotelgwarna.pl\/de\/oferty-specjalne\/pierwsza-komunia-swieta-skyhotelgwarna-zostaly-ostatnie-wolne-terminy-\u2728\ud83c\udf3f\/\" \/>\n<meta property=\"og:locale\" content=\"de_DE\" \/>\n<meta property=\"og:type\" content=\"article\" \/>\n<meta property=\"og:title\" content=\"Pierwsza Komunia \u015awi\u0119ta SkyHotelGwarna \u2013 zosta\u0142y ostatnie wolne terminy!\u00a0\u2728\ud83c\udf3f - SkyHotelGwarna\" \/>\n<meta property=\"og:description\" content=\"Pierwsza Komunia \u015awi\u0119ta to wyj\u0105tkowy dzie\u0144 \u2013 pe\u0142en wzrusze\u0144, rodzinnego ciep\u0142a i pi\u0119knych wspomnie\u0144 \ud83e\udd0dZadbaj o to, by mia\u0142 tak\u017ce wyj\u0105tkow\u0105 opraw\u0119. W naszym hotelu oferujemy:\u2714 eleganck\u0105, klimatyzowan\u0105 sal\u0119\u2714 wy\u015bmienite menu dopasowane do potrzeb dzieci i doros\u0142ych\u2714 profesjonaln\u0105 obs\u0142ug\u0119\u2714 indywidualne podej\u015bcie do ka\u017cdej rodziny \ud83c\udf80 Tworzymy przyj\u0119cia z klas\u0105 \u2013 bez stresu i bez po\u015bpiechu. [&hellip;]\" \/>\n<meta property=\"og:url\" content=\"https:\/\/hotelgwarna.pl\/de\/oferty-specjalne\/pierwsza-komunia-swieta-skyhotelgwarna-zostaly-ostatnie-wolne-terminy-\u2728\ud83c\udf3f\/\" \/>\n<meta property=\"og:site_name\" content=\"SkyHotelGwarna\" \/>\n<meta property=\"article:modified_time\" content=\"2026-02-20T14:11:39+00:00\" \/>\n<meta property=\"og:image\" content=\"https:\/\/hotelgwarna.pl\/wp-content\/uploads\/2026\/02\/Pierwsza-Komunia-Swieta.png\" \/>\n\t<meta property=\"og:image:width\" content=\"1200\" \/>\n\t<meta property=\"og:image:height\" content=\"630\" \/>\n\t<meta property=\"og:image:type\" content=\"image\/png\" \/>\n<meta name=\"twitter:card\" content=\"summary_large_image\" \/>\n<meta name=\"twitter:label1\" content=\"Gesch\u00e4tzte Lesezeit\" \/>\n\t<meta name=\"twitter:data1\" content=\"1\u00a0Minute\" \/>\n<script type=\"application\/ld+json\" class=\"yoast-schema-graph\">{\"@context\":\"https:\/\/schema.org\",\"@graph\":[{\"@type\":\"WebPage\",\"@id\":\"https:\/\/hotelgwarna.pl\/oferty-specjalne\/pierwsza-komunia-swieta-skyhotelgwarna-zostaly-ostatnie-wolne-terminy-%e2%9c%a8%f0%9f%8c%bf\/\",\"url\":\"https:\/\/hotelgwarna.pl\/oferty-specjalne\/pierwsza-komunia-swieta-skyhotelgwarna-zostaly-ostatnie-wolne-terminy-%e2%9c%a8%f0%9f%8c%bf\/\",\"name\":\"Pierwsza Komunia \u015awi\u0119ta SkyHotelGwarna \u2013 zosta\u0142y ostatnie wolne terminy!\u00a0\u2728\ud83c\udf3f - SkyHotelGwarna\",\"isPartOf\":{\"@id\":\"https:\/\/hotelgwarna.pl\/#website\"},\"primaryImageOfPage\":{\"@id\":\"https:\/\/hotelgwarna.pl\/oferty-specjalne\/pierwsza-komunia-swieta-skyhotelgwarna-zostaly-ostatnie-wolne-terminy-%e2%9c%a8%f0%9f%8c%bf\/#primaryimage\"},\"image\":{\"@id\":\"https:\/\/hotelgwarna.pl\/oferty-specjalne\/pierwsza-komunia-swieta-skyhotelgwarna-zostaly-ostatnie-wolne-terminy-%e2%9c%a8%f0%9f%8c%bf\/#primaryimage\"},\"thumbnailUrl\":\"https:\/\/hotelgwarna.pl\/wp-content\/uploads\/2026\/02\/Pierwsza-Komunia-Swieta.png\",\"datePublished\":\"2026-02-20T14:11:38+00:00\",\"dateModified\":\"2026-02-20T14:11:39+00:00\",\"breadcrumb\":{\"@id\":\"https:\/\/hotelgwarna.pl\/oferty-specjalne\/pierwsza-komunia-swieta-skyhotelgwarna-zostaly-ostatnie-wolne-terminy-%e2%9c%a8%f0%9f%8c%bf\/#breadcrumb\"},\"inLanguage\":\"de\",\"potentialAction\":[{\"@type\":\"ReadAction\",\"target\":[\"https:\/\/hotelgwarna.pl\/oferty-specjalne\/pierwsza-komunia-swieta-skyhotelgwarna-zostaly-ostatnie-wolne-terminy-%e2%9c%a8%f0%9f%8c%bf\/\"]}]},{\"@type\":\"ImageObject\",\"inLanguage\":\"de\",\"@id\":\"https:\/\/hotelgwarna.pl\/oferty-specjalne\/pierwsza-komunia-swieta-skyhotelgwarna-zostaly-ostatnie-wolne-terminy-%e2%9c%a8%f0%9f%8c%bf\/#primaryimage\",\"url\":\"https:\/\/hotelgwarna.pl\/wp-content\/uploads\/2026\/02\/Pierwsza-Komunia-Swieta.png\",\"contentUrl\":\"https:\/\/hotelgwarna.pl\/wp-content\/uploads\/2026\/02\/Pierwsza-Komunia-Swieta.png\",\"width\":1200,\"height\":630},{\"@type\":\"BreadcrumbList\",\"@id\":\"https:\/\/hotelgwarna.pl\/oferty-specjalne\/pierwsza-komunia-swieta-skyhotelgwarna-zostaly-ostatnie-wolne-terminy-%e2%9c%a8%f0%9f%8c%bf\/#breadcrumb\",\"itemListElement\":[{\"@type\":\"ListItem\",\"position\":1,\"name\":\"Strona g\u0142\u00f3wna\",\"item\":\"https:\/\/hotelgwarna.pl\/\"},{\"@type\":\"ListItem\",\"position\":2,\"name\":\"Pierwsza Komunia \u015awi\u0119ta SkyHotelGwarna \u2013 zosta\u0142y ostatnie wolne terminy!\u00a0\u2728\ud83c\udf3f\"}]},{\"@type\":\"WebSite\",\"@id\":\"https:\/\/hotelgwarna.pl\/#website\",\"url\":\"https:\/\/hotelgwarna.pl\/\",\"name\":\"SkyHotelGwarna\",\"description\":\"Apartamenty, pokoje w Legnicy\",\"potentialAction\":[{\"@type\":\"SearchAction\",\"target\":{\"@type\":\"EntryPoint\",\"urlTemplate\":\"https:\/\/hotelgwarna.pl\/?s={search_term_string}\"},\"query-input\":{\"@type\":\"PropertyValueSpecification\",\"valueRequired\":true,\"valueName\":\"search_term_string\"}}],\"inLanguage\":\"de\"}]}<\/script>\n<!-- \/ Yoast SEO plugin. -->","yoast_head_json":{"title":"Pierwsza Komunia \u015awi\u0119ta SkyHotelGwarna \u2013 zosta\u0142y ostatnie wolne terminy!\u00a0\u2728\ud83c\udf3f - SkyHotelGwarna","robots":{"index":"index","follow":"follow","max-snippet":"max-snippet:-1","max-image-preview":"max-image-preview:large","max-video-preview":"max-video-preview:-1"},"canonical":"https:\/\/hotelgwarna.pl\/de\/oferty-specjalne\/pierwsza-komunia-swieta-skyhotelgwarna-zostaly-ostatnie-wolne-terminy-\u2728\ud83c\udf3f\/","og_locale":"de_DE","og_type":"article","og_title":"Pierwsza Komunia \u015awi\u0119ta SkyHotelGwarna \u2013 zosta\u0142y ostatnie wolne terminy!\u00a0\u2728\ud83c\udf3f - SkyHotelGwarna","og_description":"Pierwsza Komunia \u015awi\u0119ta to wyj\u0105tkowy dzie\u0144 \u2013 pe\u0142en wzrusze\u0144, rodzinnego ciep\u0142a i pi\u0119knych wspomnie\u0144 \ud83e\udd0dZadbaj o to, by mia\u0142 tak\u017ce wyj\u0105tkow\u0105 opraw\u0119. W naszym hotelu oferujemy:\u2714 eleganck\u0105, klimatyzowan\u0105 sal\u0119\u2714 wy\u015bmienite menu dopasowane do potrzeb dzieci i doros\u0142ych\u2714 profesjonaln\u0105 obs\u0142ug\u0119\u2714 indywidualne podej\u015bcie do ka\u017cdej rodziny \ud83c\udf80 Tworzymy przyj\u0119cia z klas\u0105 \u2013 bez stresu i bez po\u015bpiechu. [&hellip;]","og_url":"https:\/\/hotelgwarna.pl\/de\/oferty-specjalne\/pierwsza-komunia-swieta-skyhotelgwarna-zostaly-ostatnie-wolne-terminy-\u2728\ud83c\udf3f\/","og_site_name":"SkyHotelGwarna","article_modified_time":"2026-02-20T14:11:39+00:00","og_image":[{"width":1200,"height":630,"url":"https:\/\/hotelgwarna.pl\/wp-content\/uploads\/2026\/02\/Pierwsza-Komunia-Swieta.png","type":"image\/png"}],"twitter_card":"summary_large_image","twitter_misc":{"Gesch\u00e4tzte Lesezeit":"1\u00a0Minute"},"schema":{"@context":"https:\/\/schema.org","@graph":[{"@type":"WebPage","@id":"https:\/\/hotelgwarna.pl\/oferty-specjalne\/pierwsza-komunia-swieta-skyhotelgwarna-zostaly-ostatnie-wolne-terminy-%e2%9c%a8%f0%9f%8c%bf\/","url":"https:\/\/hotelgwarna.pl\/oferty-specjalne\/pierwsza-komunia-swieta-skyhotelgwarna-zostaly-ostatnie-wolne-terminy-%e2%9c%a8%f0%9f%8c%bf\/","name":"Pierwsza Komunia \u015awi\u0119ta SkyHotelGwarna \u2013 zosta\u0142y ostatnie wolne terminy!\u00a0\u2728\ud83c\udf3f - SkyHotelGwarna","isPartOf":{"@id":"https:\/\/hotelgwarna.pl\/#website"},"primaryImageOfPage":{"@id":"https:\/\/hotelgwarna.pl\/oferty-specjalne\/pierwsza-komunia-swieta-skyhotelgwarna-zostaly-ostatnie-wolne-terminy-%e2%9c%a8%f0%9f%8c%bf\/#primaryimage"},"image":{"@id":"https:\/\/hotelgwarna.pl\/oferty-specjalne\/pierwsza-komunia-swieta-skyhotelgwarna-zostaly-ostatnie-wolne-terminy-%e2%9c%a8%f0%9f%8c%bf\/#primaryimage"},"thumbnailUrl":"https:\/\/hotelgwarna.pl\/wp-content\/uploads\/2026\/02\/Pierwsza-Komunia-Swieta.png","datePublished":"2026-02-20T14:11:38+00:00","dateModified":"2026-02-20T14:11:39+00:00","breadcrumb":{"@id":"https:\/\/hotelgwarna.pl\/oferty-specjalne\/pierwsza-komunia-swieta-skyhotelgwarna-zostaly-ostatnie-wolne-terminy-%e2%9c%a8%f0%9f%8c%bf\/#breadcrumb"},"inLanguage":"de","potentialAction":[{"@type":"ReadAction","target":["https:\/\/hotelgwarna.pl\/oferty-specjalne\/pierwsza-komunia-swieta-skyhotelgwarna-zostaly-ostatnie-wolne-terminy-%e2%9c%a8%f0%9f%8c%bf\/"]}]},{"@type":"ImageObject","inLanguage":"de","@id":"https:\/\/hotelgwarna.pl\/oferty-specjalne\/pierwsza-komunia-swieta-skyhotelgwarna-zostaly-ostatnie-wolne-terminy-%e2%9c%a8%f0%9f%8c%bf\/#primaryimage","url":"https:\/\/hotelgwarna.pl\/wp-content\/uploads\/2026\/02\/Pierwsza-Komunia-Swieta.png","contentUrl":"https:\/\/hotelgwarna.pl\/wp-content\/uploads\/2026\/02\/Pierwsza-Komunia-Swieta.png","width":1200,"height":630},{"@type":"BreadcrumbList","@id":"https:\/\/hotelgwarna.pl\/oferty-specjalne\/pierwsza-komunia-swieta-skyhotelgwarna-zostaly-ostatnie-wolne-terminy-%e2%9c%a8%f0%9f%8c%bf\/#breadcrumb","itemListElement":[{"@type":"ListItem","position":1,"name":"Strona g\u0142\u00f3wna","item":"https:\/\/hotelgwarna.pl\/"},{"@type":"ListItem","position":2,"name":"Pierwsza Komunia \u015awi\u0119ta SkyHotelGwarna \u2013 zosta\u0142y ostatnie wolne terminy!\u00a0\u2728\ud83c\udf3f"}]},{"@type":"WebSite","@id":"https:\/\/hotelgwarna.pl\/#website","url":"https:\/\/hotelgwarna.pl\/","name":"SkyHotelGwarna","description":"Apartamenty, pokoje w Legnicy","potentialAction":[{"@type":"SearchAction","target":{"@type":"EntryPoint","urlTemplate":"https:\/\/hotelgwarna.pl\/?s={search_term_string}"},"query-input":{"@type":"PropertyValueSpecification","valueRequired":true,"valueName":"search_term_string"}}],"inLanguage":"de"}]}},"_links":{"self":[{"href":"https:\/\/hotelgwarna.pl\/de\/wp-json\/wp\/v2\/oferty-specjalne\/918","targetHints":{"allow":["GET"]}}],"collection":[{"href":"https:\/\/hotelgwarna.pl\/de\/wp-json\/wp\/v2\/oferty-specjalne"}],"about":[{"href":"https:\/\/hotelgwarna.pl\/de\/wp-json\/wp\/v2\/types\/oferty-specjalne"}],"wp:featuredmedia":[{"embeddable":true,"href":"https:\/\/hotelgwarna.pl\/de\/wp-json\/wp\/v2\/media\/913"}],"wp:attachment":[{"href":"https:\/\/hotelgwarna.pl\/de\/wp-json\/wp\/v2\/media?parent=918"}],"wp:term":[{"taxonomy":"category","embeddable":true,"href":"https:\/\/hotelgwarna.pl\/de\/wp-json\/wp\/v2\/categories?post=918"}],"curies":[{"name":"wp","href":"https:\/\/api.w.org\/{rel}","templated":true}]}}